{"id":82,"date":"2019-03-08T14:27:31","date_gmt":"2019-03-08T14:27:31","guid":{"rendered":"https:\/\/wordpress.mv-utzenfeld.de\/?page_id=82"},"modified":"2019-03-08T17:12:25","modified_gmt":"2019-03-08T17:12:25","slug":"was-kann-musik","status":"publish","type":"page","link":"https:\/\/mv-utzenfeld.de\/?page_id=82","title":{"rendered":"Was kann Musik?"},"content":{"rendered":"\n<p style=\"text-align:left\"><strong>Was kann Musik leisten?<\/strong><\/p>\n\n\n\n<p style=\"text-align:left\">\u25cf\nschafft\n\u00e4sthetische Erfahrungsr\u00e4ume<\/p>\n\n\n\n<p style=\"text-align:left\">\u25cf\nunterst\u00fctzt\nsoziale Entwicklung<\/p>\n\n\n\n<p style=\"text-align:left\">\u25cf\nbringt\nAusgleich, beruhigt und regt an<\/p>\n\n\n\n<p style=\"text-align:left\">\u25cf\nst\u00e4rkt\nFeinmotorik<\/p>\n\n\n\n<p style=\"text-align:left\">\u25cf\nf\u00f6rdert\nEmotionalit\u00e4t und Kreativit\u00e4t<\/p>\n\n\n\n<p style=\"text-align:left\">\u25cf\ntrainiert\nAusdauer<\/p>\n\n\n\n<p style=\"text-align:left\">\u25cf\nentwickelt\nSelbstdisziplin<\/p>\n\n\n\n<p style=\"text-align:left\">\u25cf\nerh\u00f6ht\nKonzentrationsf\u00e4higkeit<\/p>\n\n\n\n<p style=\"text-align:left\">\u25cf erweitert Ausdrucksm\u00f6glichkeiten<\/p>\n\n\n\n<div class=\"wp-block-image\"><figure class=\"alignleft\"><img loading=\"lazy\" decoding=\"async\" width=\"252\" height=\"495\" src=\"https:\/\/wordpress.mv-utzenfeld.de\/wp-content\/uploads\/2019\/03\/deckblatt.png\" alt=\"\" class=\"wp-image-83\" srcset=\"https:\/\/mv-utzenfeld.de\/wp-content\/uploads\/2019\/03\/deckblatt.png 252w, https:\/\/mv-utzenfeld.de\/wp-content\/uploads\/2019\/03\/deckblatt-153x300.png 153w\" sizes=\"auto, (max-width: 252px) 100vw, 252px\" \/><figcaption>Der Elternflyer &#8222;Was kann Musik? Musikalische Bildung f\u00fcr Kinder&#8220; vom Bund Deutscher Blasmusikverb\u00e4nde e.V. kann bei Interesse \u00fcber uns angefragt werden.<\/figcaption><\/figure><\/div>\n","protected":false},"excerpt":{"rendered":"<p>Was kann Musik leisten? \u25cf schafft \u00e4sthetische Erfahrungsr\u00e4ume \u25cf unterst\u00fctzt soziale Entwicklung \u25cf bringt Ausgleich, beruhigt und regt an \u25cf st\u00e4rkt Feinmotorik \u25cf f\u00f6rdert Emotionalit\u00e4t und Kreativit\u00e4t \u25cf trainiert Ausdauer \u25cf entwickelt Selbstdisziplin \u25cf erh\u00f6ht Konzentrationsf\u00e4higkeit \u25cf erweitert Ausdrucksm\u00f6glichkeiten<\/p>\n","protected":false},"author":3,"featured_media":0,"parent":62,"menu_order":0,"comment_status":"closed","ping_status":"closed","template":"","meta":{"footnotes":""},"class_list":["post-82","page","type-page","status-publish","hentry"],"_links":{"self":[{"href":"https:\/\/mv-utzenfeld.de\/index.php?rest_route=\/wp\/v2\/pages\/82","targetHints":{"allow":["GET"]}}],"collection":[{"href":"https:\/\/mv-utzenfeld.de\/index.php?rest_route=\/wp\/v2\/pages"}],"about":[{"href":"https:\/\/mv-utzenfeld.de\/index.php?rest_route=\/wp\/v2\/types\/page"}],"author":[{"embeddable":true,"href":"https:\/\/mv-utzenfeld.de\/index.php?rest_route=\/wp\/v2\/users\/3"}],"replies":[{"embeddable":true,"href":"https:\/\/mv-utzenfeld.de\/index.php?rest_route=%2Fwp%2Fv2%2Fcomments&post=82"}],"version-history":[{"count":3,"href":"https:\/\/mv-utzenfeld.de\/index.php?rest_route=\/wp\/v2\/pages\/82\/revisions"}],"predecessor-version":[{"id":131,"href":"https:\/\/mv-utzenfeld.de\/index.php?rest_route=\/wp\/v2\/pages\/82\/revisions\/131"}],"up":[{"embeddable":true,"href":"https:\/\/mv-utzenfeld.de\/index.php?rest_route=\/wp\/v2\/pages\/62"}],"wp:attachment":[{"href":"https:\/\/mv-utzenfeld.de\/index.php?rest_route=%2Fwp%2Fv2%2Fmedia&parent=82"}],"curies":[{"name":"wp","href":"https:\/\/api.w.org\/{rel}","templated":true}]}}