{"id":49,"date":"2019-01-19T15:12:05","date_gmt":"2019-01-19T15:12:05","guid":{"rendered":"https:\/\/wordpress.mv-utzenfeld.de\/?page_id=49"},"modified":"2021-10-10T16:52:20","modified_gmt":"2021-10-10T16:52:20","slug":"datenschutz","status":"publish","type":"page","link":"https:\/\/mv-utzenfeld.de\/?page_id=49","title":{"rendered":"Datenschutz"},"content":{"rendered":"\n<h1 class=\"wp-block-heading\">Datenschutzerkl\u00e4rung<\/h1>\n\n\n\n<p>Die nachfolgende Datenschutzerkl\u00e4rung gilt f\u00fcr die Nutzung unserer Homepage.<\/p>\n\n\n\n<p>Wir messen dem\nDatenschutz gro\u00dfe Bedeutung bei. Die Erhebung und Verarbeitung Ihrer\npersonenbezogenen Daten geschieht unter Beachtung der geltenden\ndatenschutzrechtlichen Vorschriften, insbesondere der\nDatenschutzgrundverordnung (DSGVO). <\/p>\n\n\n\n<p>Die Nutzung unserer Website ist grunds\u00e4tzlich ohne jede Angabe von\npersonenbezogenen Daten m\u00f6glich. Wenn auf unserer Seite personenbezogene Daten erhoben\nwerden, erfolgt dies auf freiwilliger Basis. Ist die Verarbeitung personenbezogener Daten\nerforderlich und besteht f\u00fcr eine solche Verarbeitung keine gesetzliche\nGrundlage, holen wir generell eine Einwilligung der betroffenen Person ein. <\/p>\n\n\n\n<p>Die Verarbeitung personenbezogener Daten,\nbeispielsweise des Namens, der Anschrift, E-Mail-Adresse oder Telefonnummer\neiner betroffenen Person, erfolgt stets im Einklang mit der\nDatenschutz-Grundverordnung. <\/p>\n\n\n\n<p>\nDiese Datenschutzerkl\u00e4rung beschreibt, wie\nund zu welchem Zweck Ihre Daten erfasst und genutzt werden. Ferner werden betroffene Personen mittels dieser\nDatenschutzerkl\u00e4rung \u00fcber die ihnen zustehenden Rechte aufgekl\u00e4rt. Durch Ihre Verwendung\ndieser Website stimmen Sie der Erfassung, Nutzung und \u00dcbertragung Ihrer Daten\ngem\u00e4\u00df dieser Datenschutzerkl\u00e4rung zu.<\/p>\n\n\n\n<h2 class=\"wp-block-heading\">1&nbsp;&nbsp;&nbsp;&nbsp;&nbsp;&nbsp; Verantwortlich\nf\u00fcr die Datenerfassung<\/h2>\n\n\n\n<p>Verantwortlicher f\u00fcr die Erhebung, Verarbeitung und Nutzung Ihrer \npersonenbezogenen Daten im Sinne der Datenschutz-Grundverordnung ist der<\/p>\n\n\n\n<p>Musikverein Utzenfeld\ne.V.<\/p>\n\n\n\n<p>Felicitas Redling<\/p>\n\n\n\n<p>Ledergasse 1<\/p>\n\n\n\n<p>79694 Utzenfeld<\/p>\n\n\n\n<figure class=\"wp-block-table\"><table class=\"\"><tbody><tr><td>\nTelefon:\n\n<\/td><td>\n+49-7673 7481 \n\n<\/td><\/tr><tr><td>\nE-Mail:\n\n<\/td><td>\nFelicitas.kaiser[_at_]web.de\n\n<\/td><\/tr><\/tbody><\/table><\/figure>\n\n\n\n<p>Sofern Sie der\nErhebung, Verarbeitung oder Nutzung Ihrer Daten durch uns nach Ma\u00dfgabe dieser\nDatenschutzbestimmungen insgesamt oder f\u00fcr einzelne Ma\u00dfnahmen widersprechen\nwollen, k\u00f6nnen Sie Ihren Widerspruch an die verantwortliche Person richten.\n<\/p>\n\n\n\n<h2 class=\"wp-block-heading\">2&nbsp;&nbsp;&nbsp;&nbsp;&nbsp;&nbsp; Allgemeine\nNutzung der Website<\/h2>\n\n\n\n<h3 class=\"wp-block-heading\"><strong>2.1 Cookies<\/strong><\/h3>\n\n\n\n<p>Die Internetseite verwendet\nCookies. Cookies sind Textdateien, welche \u00fcber einen Internetbrowser auf einem\nComputersystem abgelegt und gespeichert werden.<\/p>\n\n\n\n<p>Zahlreiche Internetseiten und\nServer verwenden Cookies. Viele Cookies enthalten eine sogenannte Cookie-ID.\nEine Cookie-ID ist eine eindeutige Kennung des Cookies. Sie besteht aus einer\nZeichenfolge, durch welche Internetseiten und Server dem konkreten\nInternetbrowser zugeordnet werden k\u00f6nnen, in dem das Cookie gespeichert wurde.\nDies erm\u00f6glicht es den besuchten Internetseiten und Servern, den individuellen\nBrowser der betroffenen Person von anderen Internetbrowsern, die andere Cookies\nenthalten, zu unterscheiden. Ein bestimmter Internetbrowser kann \u00fcber die\neindeutige Cookie-ID wiedererkannt und identifiziert werden.<\/p>\n\n\n\n<p>Unser berechtigtes Interesse an der Nutzung der Cookies gem\u00e4\u00df Art 6 Abs. 1\nS. 1 f) DSGVO liegt darin, unsere Website nutzerfreundlicher, effektiver und\nsicherer zu machen.<\/p>\n\n\n\n<p>Mittels eines Cookies k\u00f6nnen die\nInformationen und Angebote auf unserer Internetseite im Sinne des Benutzers\noptimiert werden. Cookies erm\u00f6glichen uns, wie bereits erw\u00e4hnt, die Benutzer\nunserer Internetseite wiederzuerkennen. Zweck dieser Wiedererkennung ist es,\nden Nutzern die Verwendung unserer Internetseite zu erleichtern. Der Benutzer\neiner Internetseite, die Cookies verwendet, muss beispielsweise nicht bei jedem\nBesuch der Internetseite erneut seine Zugangsdaten eingeben, weil dies von der\nInternetseite und dem auf dem Computersystem des Benutzers abgelegten Cookie\n\u00fcbernommen wird. Diese Cookies werden gel\u00f6scht, nachdem\nSie Ihren Browser schlie\u00dfen. Sie dienen z. B. dazu, dass Sie die\nWarenkorbfunktion \u00fcber mehrere Seiten hinweg nutzen k\u00f6nnen.<\/p>\n\n\n\n<p>Die betroffene Person kann die\nSetzung von Cookies durch unsere Internetseite jederzeit mittels einer\nentsprechenden Einstellung des genutzten Internetbrowsers verhindern und damit\nder Setzung von Cookies dauerhaft widersprechen. Ferner k\u00f6nnen bereits gesetzte\nCookies jederzeit \u00fcber einen Internetbrowser oder andere Softwareprogramme\ngel\u00f6scht werden. Dies ist in allen g\u00e4ngigen Internetbrowsern m\u00f6glich.\nDeaktiviert die betroffene Person die Setzung von Cookies in dem genutzten\nInternetbrowser, sind unter Umst\u00e4nden nicht alle Funktionen unserer\nInternetseite vollumf\u00e4nglich nutzbar. Dadurch kann die\nFunktionalit\u00e4t der Website eingeschr\u00e4nkt werden.<\/p>\n\n\n\n<h3 class=\"wp-block-heading\"><strong>2.2 Erfassung von allgemeinen Daten und Informationen<\/strong><\/h3>\n\n\n\n<p>Die Internetseite des\nMusikverein Utzenfeld e.V. erfasst mit jedem Aufruf der Internetseite durch\neine betroffene Person oder ein automatisiertes System eine Reihe von\nallgemeinen Daten und Informationen. Diese allgemeinen Daten und Informationen\nwerden in den Logfiles des Servers gespeichert. Erfasst werden k\u00f6nnen die (1)\nverwendeten Browsertypen und Versionen, (2) das vom zugreifenden System\nverwendete Betriebssystem, (3) die Internetseite, von welcher ein zugreifendes\nSystem auf unsere Internetseite gelangt (sogenannte Referrer), (4) die\nUnterwebseiten, welche \u00fcber ein zugreifendes System auf unserer Internetseite\nangesteuert werden, (5) das Datum und die Uhrzeit eines Zugriffs auf die\nInternetseite, (6) eine Internet-Protokoll-Adresse (IP-Adresse), (7) der\nInternet-Service-Provider des zugreifenden Systems und (8) sonstige \u00e4hnliche\nDaten und Informationen, die der Gefahrenabwehr im Falle von Angriffen auf\nunsere informationstechnologischen Systeme dienen.<\/p>\n\n\n\n<p>Bei der Nutzung dieser\nallgemeinen Daten und Informationen ziehen wir keine R\u00fcckschl\u00fcsse auf die\nbetroffene Person. Diese Informationen werden vielmehr ben\u00f6tigt, um (1) die\nInhalte unserer Internetseite korrekt auszuliefern, (2) die Inhalte unserer\nInternetseite sowie die Werbung f\u00fcr diese zu optimieren, (3) die dauerhafte Funktionsf\u00e4higkeit\nunserer informationstechnologischen Systeme und der Technik unserer\nInternetseite zu gew\u00e4hrleisten sowie (4) um Strafverfolgungsbeh\u00f6rden im Falle\neines Cyberangriffes die zur Strafverfolgung notwendigen Informationen\nbereitzustellen. Diese anonym erhobenen Daten und Informationen werden durch\nden Musikverein Utzenfeld e.V. daher einerseits statistisch und ferner mit dem\nZiel ausgewertet, den Datenschutz und die Datensicherheit in unserem\nUnternehmen zu erh\u00f6hen, um letztlich ein optimales Schutzniveau f\u00fcr die von uns\nverarbeiteten personenbezogenen Daten sicherzustellen. Die anonymen Daten der\nServer-Logfiles werden getrennt von allen durch eine betroffene Person\nangegebenen personenbezogenen Daten gespeichert<\/p>\n\n\n\n<h3 class=\"wp-block-heading\">2.3&nbsp;&nbsp;\nE-Mail Kontakt<\/h3>\n\n\n\n<p>Wenn Sie mit uns in\nKontakt treten (z. B. per Kontaktformular oder E-Mail), speichern wir Ihre\nAngaben zur Bearbeitung der Anfrage sowie f\u00fcr den Fall, dass Anschlussfragen\nentstehen. <\/p>\n\n\n\n<p>Hierin liegt auch unser berechtigtes Interesse gem\u00e4\u00df Art 6 Abs. 1 S. 1 f)\nDSGVO.<\/p>\n\n\n\n<p>Weitere\npersonenbezogene Daten speichern und nutzen wir nur, wenn Sie dazu einwilligen\noder dies ohne besondere Einwilligung gesetzlich zul\u00e4ssig ist.<\/p>\n\n\n\n<p>Wir weisen darauf\nhin, dass die Daten\u00fcbertragung im Internet (z.B. bei der Kommunikation per E-Mail)\nSicherheitsl\u00fccken aufweisen kann, sodass ein absoluter Schutz nicht gew\u00e4hrleistet werden kann. Aus diesem\nGrund steht es jeder betroffenen Person frei, personenbezogene Daten auch auf\nalternativen Wegen, beispielsweise telefonisch, an uns zu \u00fcbermitteln.<\/p>\n\n\n\n<h3 class=\"wp-block-heading\">2.4&nbsp;\nSpeicherdauer Ihrer Daten <\/h3>\n\n\n\n<p>Sofern nicht spezifisch angegeben speichern wir personenbezogene \nDaten nur f\u00fcr\nden Zeitraum, wie dies zur Erf\u00fcllung der verfolgten Zwecke erforderlich \nist oder sofern dies durch den Europ\u00e4ischen Richtlinien- und \nVerordnungsgeber\noder einen anderen Gesetzgeber in Gesetzen oder Vorschriften, welchen \nder f\u00fcr\ndie Verarbeitung Verantwortliche unterliegt, vorgesehen wurde.<\/p>\n\n\n\n<p>Entf\u00e4llt der\nSpeicherungszweck oder l\u00e4uft eine vom Europ\u00e4ischen Richtlinien- und\nVerordnungsgeber oder einem anderen zust\u00e4ndigen Gesetzgeber vorgeschriebene\nSpeicherfrist ab, werden die personenbezogenen Daten routinem\u00e4\u00dfig und\nentsprechend den gesetzlichen Vorschriften gesperrt oder gel\u00f6scht.<\/p>\n\n\n\n<h2 class=\"wp-block-heading\">3&nbsp;&nbsp;&nbsp;&nbsp;&nbsp;&nbsp; Ihre\nRechte <\/h2>\n\n\n\n<p>Nach den anwendbaren Gesetzen haben Sie verschiedene Rechte bez\u00fcglich\n Ihrer\npersonenbezogenen Daten. M\u00f6chten Sie diese Rechte geltend machen, so \nrichten Sie Ihre Anfrage bitte per E-Mail oder per Post unter\neindeutiger Identifizierung Ihrer Person an die in Ziffer 1 genannte\nAdresse.<\/p>\n\n\n\n<p>Nachfolgend finden Sie eine \u00dcbersicht \u00fcber Ihre Rechte.<\/p>\n\n\n\n<h3 class=\"wp-block-heading\">3.1&nbsp;&nbsp;&nbsp;&nbsp;&nbsp;&nbsp; Recht\nauf Best\u00e4tigung und Auskunft<\/h3>\n\n\n\n<p>Sie haben jederzeit das Recht, von uns eine Best\u00e4tigung dar\u00fcber zu\nerhalten, ob Sie betreffende personenbezogene Daten verarbeitet werden. Ist\ndies der Fall, so haben Sie das Recht, von uns eine unentgeltliche Auskunft\n\u00fcber die zu Ihnen gespeicherten personenbezogenen Daten und eine Kopie dieser\nAuskunft zu erhalten. <\/p>\n\n\n\n<p>Des Weiteren besteht ein Recht auf folgende Informationen: <\/p>\n\n\n\n<ol class=\"wp-block-list\"><li>die Verarbeitungszwecke;<\/li><li>die Kategorien personenbezogener Daten, die verarbeitet werden;<\/li><li>die Empf\u00e4nger oder Kategorien von Empf\u00e4ngern, gegen\u00fcber denen die\npersonenbezogenen Daten offengelegt worden sind oder noch offengelegt werden,\ninsbesondere bei Empf\u00e4ngern in Drittl\u00e4ndern oder bei internationalen\nOrganisationen;<\/li><li>falls m\u00f6glich, die geplante Dauer, f\u00fcr die die personenbezogenen Daten gespeichert\nwerden, oder, falls dies nicht m\u00f6glich ist, die Kriterien f\u00fcr die Festlegung\ndieser Dauer;<\/li><li>das Bestehen eines Rechts auf Berichtigung oder L\u00f6schung der Sie betreffenden\npersonenbezogenen Daten oder auf Einschr\u00e4nkung der Verarbeitung durch den\nVerantwortlichen oder eines Widerspruchsrechts gegen diese Verarbeitung;<\/li><li>das Bestehen eines Beschwerderechts bei einer Aufsichtsbeh\u00f6rde;<\/li><li>wenn die personenbezogenen Daten nicht bei Ihnen erhoben werden, alle\nverf\u00fcgbaren Informationen \u00fcber die Herkunft der Daten;<\/li><li>das Bestehen einer automatisierten Entscheidungsfindung einschlie\u00dflich\nProfiling gem\u00e4\u00df&nbsp;<a href=\"https:\/\/dsgvo-gesetz.de\/art-22-dsgvo\/\">Artikel 22<\/a>&nbsp;Abs\u00e4tze\n1 und 4 DSGVO und \u2013 zumindest in diesen F\u00e4llen \u2013 aussagekr\u00e4ftige Informationen\n\u00fcber die involvierte Logik sowie die Tragweite und die angestrebten Auswirkungen\neiner derartigen Verarbeitung f\u00fcr Sie.<\/li><\/ol>\n\n\n\n<p>Werden\npersonenbezogene Daten an ein Drittland oder an eine internationale\nOrganisation \u00fcbermittelt, so haben\nSie das Recht, \u00fcber die geeigneten Garantien gem\u00e4\u00df Art. 46 DSGVO im Zusammenhang\nmit der \u00dcbermittlung unterrichtet zu werden.<\/p>\n\n\n\n<h3 class=\"wp-block-heading\">3.2&nbsp;&nbsp;&nbsp;&nbsp;&nbsp;&nbsp; Recht\nauf Berichtigung<\/h3>\n\n\n\n<p>Sie haben das Recht, von uns unverz\u00fcglich die\nBerichtigung Sie\nbetreffender unrichtiger personenbezogener Daten zu verlangen. Unter\nBer\u00fccksichtigung der Zwecke der Verarbeitung\nhaben Sie das Recht, die Vervollst\u00e4ndigung unvollst\u00e4ndiger\npersonenbezogener Daten zu verlangen.<\/p>\n\n\n\n<h3 class=\"wp-block-heading\">3.3&nbsp;&nbsp;&nbsp;&nbsp;&nbsp;&nbsp; Recht\nauf L\u00f6schung <\/h3>\n\n\n\n<p>Sie haben das Recht, von uns zu verlangen, dass Sie betreffende\npersonenbezogene Daten unverz\u00fcglich gel\u00f6scht werden, und wir sind \nverpflichtet,\npersonenbezogene Daten unverz\u00fcglich zu l\u00f6schen, sofern die Verarbeitung \nnicht erforderlich ist und einer der folgenden Gr\u00fcnde zutrifft:<\/p>\n\n\n\n<ol class=\"wp-block-list\"><li>Die personenbezogenen Daten sind f\u00fcr die Zwecke, f\u00fcr die sie erhoben\noder auf sonstige Weise verarbeitet wurden, nicht mehr notwendig.<\/li><li>Sie widerrufen Ihre Einwilligung, auf die sich die Verarbeitung\ngem\u00e4\u00df&nbsp;<a href=\"https:\/\/dsgvo-gesetz.de\/art-6-dsgvo\/\">Art. 6<\/a>&nbsp;Abs. 1 S. 1 a) DSGVO\noder&nbsp;<a href=\"https:\/\/dsgvo-gesetz.de\/art-9-dsgvo\/\">Art. 9<\/a>&nbsp;Abs. 2 a) DSGVO st\u00fctzte, und es fehlt an einer anderweitigen Rechtsgrundlage f\u00fcr\ndie Verarbeitung.<\/li><li>Sie legen gem\u00e4\u00df&nbsp;<a href=\"https:\/\/dsgvo-gesetz.de\/art-21-dsgvo\/\">Art. 21<\/a>&nbsp;Abs. 1 DSGVO Widerspruch gegen die Verarbeitung ein und\nes liegen keine vorrangigen berechtigten Gr\u00fcnde f\u00fcr die Verarbeitung vor, oder\nSie legen gem\u00e4\u00df&nbsp;<a href=\"https:\/\/dsgvo-gesetz.de\/art-21-dsgvo\/\">Art. 21<\/a>&nbsp;Abs. 2 DSGVO Widerspruch gegen die Verarbeitung ein.<\/li><li>Die personenbezogenen Daten wurden unrechtm\u00e4\u00dfig verarbeitet.<\/li><li>Die L\u00f6schung der personenbezogenen Daten ist zur Erf\u00fcllung einer\nrechtlichen Verpflichtung nach dem Unionsrecht oder dem Recht der\nMitgliedstaaten erforderlich, dem wir unterliegen.<\/li><li>Die personenbezogenen Daten wurden in Bezug auf angebotene Dienste der\nInformationsgesellschaft gem\u00e4\u00df&nbsp;<a href=\"https:\/\/dsgvo-gesetz.de\/art-8-dsgvo\/\">Art. 8<\/a>&nbsp;Abs. 1 DSGVO erhoben.<\/li><\/ol>\n\n\n\n<p>Haben wir die personenbezogenen Daten \u00f6ffentlich\ngemacht und sind wir gem\u00e4\u00df Art. 17 Abs. 1 DSGVO zu deren L\u00f6schung \nverpflichtet, so treffen wir unter Ber\u00fccksichtigung der verf\u00fcgbaren\nTechnologie und der Implementierungskosten angemessene Ma\u00dfnahmen, auch\ntechnischer Art, um f\u00fcr die Datenverarbeitung Verantwortliche, die die\npersonenbezogenen Daten verarbeiten, dar\u00fcber zu informieren, dass Sie \nvon ihnen die L\u00f6schung\naller Links zu diesen personenbezogenen Daten oder von Kopien oder\nReplikationen dieser personenbezogenen Daten verlangt haben.<\/p>\n\n\n\n<h3 class=\"wp-block-heading\">3.4&nbsp;&nbsp;&nbsp;&nbsp;&nbsp;&nbsp; Recht\nauf Daten\u00fcbertragbarkeit<\/h3>\n\n\n\n<p>Sie haben das Recht, Daten,\ndie wir auf Grundlage Ihrer Einwilligung oder in Erf\u00fcllung eines Vertrags\nautomatisiert verarbeiten, an sich oder an einen Dritten in einem g\u00e4ngigen,\nmaschinenlesbaren Format aush\u00e4ndigen zu lassen. Ferner hat die betroffene Person bei der Aus\u00fcbung ihres\nRechts auf Daten\u00fcbertragbarkeit gem\u00e4\u00df Art. 20 Abs. 1 DS-GVO das Recht, zu\nerwirken, dass die personenbezogenen Daten direkt von einem Verantwortlichen an\neinen anderen Verantwortlichen \u00fcbermittelt werden, soweit dies technisch machbar\nist und sofern hiervon nicht die Rechte und Freiheiten anderer Personen\nbeeintr\u00e4chtigt werden.<\/p>\n\n\n\n<h3 class=\"wp-block-heading\">3.5&nbsp;&nbsp;&nbsp;&nbsp;&nbsp;&nbsp; Recht\nauf Widerspruch<\/h3>\n\n\n\n<p>Sie haben das Recht, aus\nGr\u00fcnden, die sich aus Ihrer besonderen Situation ergeben, jederzeit gegen die\nVerarbeitung Sie betreffender personenbezogener Daten, die aufgrund von&nbsp;<a href=\"https:\/\/dsgvo-gesetz.de\/art-6-dsgvo\/\">Art. 6<\/a>&nbsp;Abs.\n1 S. 1 e) oder f) DSGVO erfolgt, Widerspruch einzulegen.<\/p>\n\n\n\n<h3 class=\"wp-block-heading\">3.6&nbsp;&nbsp;&nbsp;&nbsp;&nbsp;&nbsp; Recht\nauf Widerruf einer datenschutzrechtlichen Einwilligung<\/h3>\n\n\n\n<p>Sie haben das Recht, eine Einwilligung zur\nVerarbeitung personenbezogener Daten jederzeit zu widerrufen.<\/p>\n\n\n\n<h3 class=\"wp-block-heading\">3.7&nbsp;&nbsp;&nbsp;&nbsp;&nbsp;&nbsp; Recht\nauf Beschwerde bei einer Aufsichtsbeh\u00f6rde<\/h3>\n\n\n\n<p>Sie haben das Recht auf Beschwerde bei einer Aufsichtsbeh\u00f6rde, \ninsbesondere in\ndem Mitgliedstaat Ihres Aufenthaltsorts, Ihres Arbeitsplatzes oder des \nOrts des mutma\u00dflichen Versto\u00dfes, wenn Sie der Ansicht sind, dass die \nVerarbeitung\nder Sie\nbetreffenden personenbezogenen Daten rechtswidrig ist.<\/p>\n","protected":false},"excerpt":{"rendered":"<p>Datenschutzerkl\u00e4rung Die nachfolgende Datenschutzerkl\u00e4rung gilt f\u00fcr die Nutzung unserer Homepage. Wir messen dem Datenschutz gro\u00dfe Bedeutung bei. Die Erhebung und Verarbeitung Ihrer personenbezogenen Daten geschieht unter Beachtung der geltenden datenschutzrechtlichen Vorschriften, insbesondere der Datenschutzgrundverordnung (DSGVO). Die Nutzung unserer Website ist grunds\u00e4tzlich ohne jede Angabe von personenbezogenen Daten m\u00f6glich. Wenn auf unserer Seite personenbezogene Daten erhoben &hellip; <\/p>\n<p class=\"link-more\"><a href=\"https:\/\/mv-utzenfeld.de\/?page_id=49\" class=\"more-link\"><span class=\"screen-reader-text\">\u201eDatenschutz\u201c <\/span>weiterlesen<\/a><\/p>\n","protected":false},"author":3,"featured_media":0,"parent":0,"menu_order":0,"comment_status":"closed","ping_status":"closed","template":"","meta":{"footnotes":""},"class_list":["post-49","page","type-page","status-publish","hentry"],"_links":{"self":[{"href":"https:\/\/mv-utzenfeld.de\/index.php?rest_route=\/wp\/v2\/pages\/49","targetHints":{"allow":["GET"]}}],"collection":[{"href":"https:\/\/mv-utzenfeld.de\/index.php?rest_route=\/wp\/v2\/pages"}],"about":[{"href":"https:\/\/mv-utzenfeld.de\/index.php?rest_route=\/wp\/v2\/types\/page"}],"author":[{"embeddable":true,"href":"https:\/\/mv-utzenfeld.de\/index.php?rest_route=\/wp\/v2\/users\/3"}],"replies":[{"embeddable":true,"href":"https:\/\/mv-utzenfeld.de\/index.php?rest_route=%2Fwp%2Fv2%2Fcomments&post=49"}],"version-history":[{"count":4,"href":"https:\/\/mv-utzenfeld.de\/index.php?rest_route=\/wp\/v2\/pages\/49\/revisions"}],"predecessor-version":[{"id":196,"href":"https:\/\/mv-utzenfeld.de\/index.php?rest_route=\/wp\/v2\/pages\/49\/revisions\/196"}],"wp:attachment":[{"href":"https:\/\/mv-utzenfeld.de\/index.php?rest_route=%2Fwp%2Fv2%2Fmedia&parent=49"}],"curies":[{"name":"wp","href":"https:\/\/api.w.org\/{rel}","templated":true}]}}